{"id":1482,"date":"2023-03-24T17:44:05","date_gmt":"2023-03-24T16:44:05","guid":{"rendered":"https:\/\/plateforme-reha.ch\/?page_id=1482"},"modified":"2023-03-24T17:44:53","modified_gmt":"2023-03-24T16:44:53","slug":"events-2","status":"publish","type":"page","link":"https:\/\/plateforme-reha.ch\/de\/events-2\/","title":{"rendered":"Events"},"content":{"rendered":"<div class=\"wpb-content-wrapper\">[vc_row thb_full_width=&#8220;true&#8220; thb_row_padding=&#8220;true&#8220; thb_column_padding=&#8220;true&#8220; full_height=&#8220;yes&#8220; content_placement=&#8220;middle&#8220; css=&#8220;.vc_custom_1613036803353{padding-top: 20vh !important;padding-bottom: 15vh !important;background: #93969a url(http:\/\/plateforme-reha.ch\/wp-content\/uploads\/2021\/02\/reha-slider-home-4.jpg?id=274) !important;background-position: center !important;background-repeat: no-repeat !important;background-size: cover !important;}&#8220;][vc_column][vc_row_inner content_placement=&#8220;middle&#8220;][vc_column_inner thb_color=&#8220;thb-light-column&#8220; width=&#8220;7\/12&#8243;]\t<div id=\"thb-slidetype-69f22127a7019\" class=\"thb-slidetype \" data-style=\"style1\">\n\t\t\n<h1><span class=\"thb-slidetype-entry\"><span class=\"lines\">Ateliers.<br \/>\nManifestations.<br \/>\nNetworking.<\/span><\/span><\/h1>\n\t\t\t<\/div>\n\n\t[vc_empty_space height=&#8220;16px&#8220;]\t<div id=\"thb-slidetype-69f22127a715a\" class=\"thb-slidetype \" data-style=\"style1\">\n\t\t\n<h5><span class=\"thb-slidetype-entry\"><span class=\"lines\">Nous collaborons en partenariat avec des instances suisses visant compl\u00e9ter et \u00e0 d\u00e9velopper les comp\u00e9tences n\u00e9cessaires pour r\u00e9pondre aux exigences du domaine de la r\u00e9adaptation.<\/span><\/span><\/h5>\n\t\t\t<\/div>\n\n\t[\/vc_column_inner][vc_column_inner el_class=&#8220;text-center&#8220; width=&#8220;5\/12&#8243;][\/vc_column_inner][\/vc_row_inner][\/vc_column][\/vc_row][vc_row css=&#8220;.vc_custom_1612976614697{padding-top: 15vh !important;padding-bottom: 15vh !important;}&#8220;][vc_column][vc_row_inner css=&#8220;.vc_custom_1519293829057{padding-top: 6vh !important;}&#8220;][vc_column_inner animation=&#8220;animation bottom-to-top-3d&#8220;]\t<div id=\"thb-iconbox-69f22127a7260\" class=\"thb-iconbox left type1   has-hover-image  animation-off\" href=\"\" target=\"_self\" data-animation_speed=\"1.5\">\n\t\t\t\t<figure>\n\t\t\t<svg xmlns=\"http:\/\/www.w3.org\/2000\/svg\" viewBox=\"0 0 64 64\" enable-background=\"new 0 0 64 64\"><g fill=\"none\" stroke=\"#000\" stroke-width=\"2\" stroke-miterlimit=\"10\"><path d=\"m11 1h42v62h-42z\"\/><path d=\"m41 1v61\"\/><path d=\"m15 16h-8\"\/><path d=\"m15 8h-8\"\/><path d=\"m15 24h-8\"\/><path d=\"m15 32h-8\"\/><path d=\"m15 40h-8\"\/><path d=\"m15 48h-8\"\/><path d=\"m15 56h-8\"\/><\/g><\/svg>\t\t\t\t\t\t\t\t<\/figure>\n\t\t\t\t<div class=\"iconbox-content\">\n\t\t\t\t\t\t\t<h5>\u00ab Assembl\u00e9e g\u00e9n\u00e9rale de PLATEFORME-REHA.CH \u00bb - 2 novembre 2023 - 10h-12h30 - Institution de Lavigny, 1162 Lavigny<\/h5>\t\t\t<p>La participation est ouverte \u00e0 tous les membres de l'association.<\/p>\n<p>Le lien d'inscription sera mise en ligne trois semaines avant l'\u00e9v\u00e9nement.<\/p>\n\t\t\t\t\t<\/div>\n\t\t<style>\n\t\t\t\t\t\t\t\t\t\t\t\t\t\t\t\t\t\t\t\t\t\t\t\t\/* Hover *\/\n\t\t\t\t\t\t\t\t\t\t\t<\/style>\n\t<\/div>\n\t[vc_empty_space height=&#8220;20px&#8220;]\t<a id=\"thb-iconbox-69f22127a9ce9\" class=\"has-link thb-iconbox left type1   has-hover-image  animation-off\" href=\"https:\/\/plateforme-reha.ch\/symposium\/\" target=\"_self\" data-animation_speed=\"1.5\">\n\t\t\t\t<figure>\n\t\t\t<svg xmlns=\"http:\/\/www.w3.org\/2000\/svg\" viewBox=\"0 0 64 64\" enable-background=\"new 0 0 64 64\"><g fill=\"none\" stroke=\"#000\" stroke-width=\"2\" stroke-miterlimit=\"10\"><path d=\"m11 1h42v62h-42z\"\/><path d=\"m41 1v61\"\/><path d=\"m15 16h-8\"\/><path d=\"m15 8h-8\"\/><path d=\"m15 24h-8\"\/><path d=\"m15 32h-8\"\/><path d=\"m15 40h-8\"\/><path d=\"m15 48h-8\"\/><path d=\"m15 56h-8\"\/><\/g><\/svg>\t\t\t\t\t\t\t\t<\/figure>\n\t\t\t\t<div class=\"iconbox-content\">\n\t\t\t\t\t\t\t<h5>\u00ab SYMPOSIUM 10 ans de PLATEFORME-REHA.CH \u00bb - 26 mai 2023 - Mus\u00e9e olympique, Lausanne<\/h5>\t\t\t<p>Savoir d'o\u00f9 l'on vient pour savoir o\u00f9 l'on va<\/p>\n\t\t\t\t\t\t\t<span class=\"thb-read-more btn-text style5\">\n\t\t\t\t\t<span>Programme &amp; Inscription<\/span>\n\t\t\t\t\t\t\t\t\t\t\t\t\t\t\t\t<div class=\"arrow\"><svg xmlns=\"http:\/\/www.w3.org\/2000\/svg\" xmlns:xlink=\"http:\/\/www.w3.org\/1999\/xlink\" x=\"0px\" y=\"0px\"\r\n\t width=\"30px\" height=\"18px\" viewBox=\"0 0 30 18\" enable-background=\"new 0 0 30 18\" xml:space=\"preserve\">\r\n<path class=\"handle\" d=\"M20.305,16.212c-0.407,0.409-0.407,1.071,0,1.479s1.068,0.408,1.476,0l7.914-7.952c0.408-0.409,0.408-1.071,0-1.481\r\n\tl-7.914-7.952c-0.407-0.409-1.068-0.409-1.476,0s-0.407,1.071,0,1.48l7.185,7.221L20.305,16.212z\"\/>\r\n<path class=\"bar\" fill-rule=\"evenodd\" clip-rule=\"evenodd\" d=\"M1,8h28.001c0.551,0,1,0.448,1,1c0,0.553-0.449,1-1,1H1c-0.553,0-1-0.447-1-1\r\n\tC0,8.448,0.447,8,1,8z\"\/>\r\n<\/svg>\r\n<\/div>\n\t\t\t\t\t\t\t\t\t<\/span>\n\t\t\t\t\t<\/div>\n\t\t<style>\n\t\t\t\t\t\t\t\t\t\t\t\t\t\t\t\t\t\t\t\t\t\t\t\t\/* Hover *\/\n\t\t\t\t\t\t\t\t\t\t\t<\/style>\n\t<\/a>\n\t[vc_empty_space height=&#8220;20px&#8220;]\t<div id=\"thb-iconbox-69f22127aa831\" class=\"thb-iconbox left type1   has-hover-image  animation-off\" href=\"\" target=\"_self\" data-animation_speed=\"1.5\">\n\t\t\t\t<figure>\n\t\t\t<svg xmlns=\"http:\/\/www.w3.org\/2000\/svg\" viewBox=\"0 0 64 64\" enable-background=\"new 0 0 64 64\"><g fill=\"none\" stroke=\"#000\" stroke-width=\"2\" stroke-miterlimit=\"10\"><path d=\"m11 1h42v62h-42z\"\/><path d=\"m41 1v61\"\/><path d=\"m15 16h-8\"\/><path d=\"m15 8h-8\"\/><path d=\"m15 24h-8\"\/><path d=\"m15 32h-8\"\/><path d=\"m15 40h-8\"\/><path d=\"m15 48h-8\"\/><path d=\"m15 56h-8\"\/><\/g><\/svg>\t\t\t\t\t\t\t\t<\/figure>\n\t\t\t\t<div class=\"iconbox-content\">\n\t\t\t\t\t\t\t<h5>\u00ab Symposium rhumatologique \u00bb - 25 mai 2023 - Leukerbad Clinic<\/h5>\t\t\t<p>Informations<\/p>\n\t\t\t\t\t<\/div>\n\t\t<style>\n\t\t\t\t\t\t\t\t\t\t\t\t\t\t\t\t\t\t\t\t\t\t\t\t\/* Hover *\/\n\t\t\t\t\t\t\t\t\t\t\t<\/style>\n\t<\/div>\n\t[vc_empty_space height=&#8220;20px&#8220;]\t<div id=\"thb-iconbox-69f22127ab18b\" class=\"thb-iconbox left type1   has-hover-image  animation-off\" href=\"\" target=\"_self\" data-animation_speed=\"1.5\">\n\t\t\t\t<figure>\n\t\t\t<svg xmlns=\"http:\/\/www.w3.org\/2000\/svg\" viewBox=\"0 0 64 64\" enable-background=\"new 0 0 64 64\"><g fill=\"none\" stroke=\"#000\" stroke-width=\"2\" stroke-miterlimit=\"10\"><path d=\"m11 1h42v62h-42z\"\/><path d=\"m41 1v61\"\/><path d=\"m15 16h-8\"\/><path d=\"m15 8h-8\"\/><path d=\"m15 24h-8\"\/><path d=\"m15 32h-8\"\/><path d=\"m15 40h-8\"\/><path d=\"m15 48h-8\"\/><path d=\"m15 56h-8\"\/><\/g><\/svg>\t\t\t\t\t\t\t\t<\/figure>\n\t\t\t\t<div class=\"iconbox-content\">\n\t\t\t\t\t\t\t<h5>\u00ab Assembl\u00e9e g\u00e9n\u00e9rale de PLATEFORME-REHA.CH \u00bb - 4 mai 2023 - 10h-12h - Visioconf\u00e9rence<\/h5>\t\t\t<p>La participation est ouverte \u00e0 tous les membres de l'association.<\/p>\n<p>Le lien d'inscription sera mise en ligne trois semaines avant l'\u00e9v\u00e9nement.<\/p>\n\t\t\t\t\t<\/div>\n\t\t<style>\n\t\t\t\t\t\t\t\t\t\t\t\t\t\t\t\t\t\t\t\t\t\t\t\t\/* Hover *\/\n\t\t\t\t\t\t\t\t\t\t\t<\/style>\n\t<\/div>\n\t[vc_empty_space height=&#8220;20px&#8220;]\t<a id=\"thb-iconbox-69f22127abae6\" class=\"has-link thb-iconbox left type1   has-hover-image  animation-off\" href=\"https:\/\/pratique-sante.ch\/\" target=\"_blank\" data-animation_speed=\"1.5\">\n\t\t\t\t<figure>\n\t\t\t<svg xmlns=\"http:\/\/www.w3.org\/2000\/svg\" viewBox=\"0 0 64 64\" enable-background=\"new 0 0 64 64\"><g fill=\"none\" stroke=\"#000\" stroke-width=\"2\" stroke-miterlimit=\"10\"><path d=\"m11 1h42v62h-42z\"\/><path d=\"m41 1v61\"\/><path d=\"m15 16h-8\"\/><path d=\"m15 8h-8\"\/><path d=\"m15 24h-8\"\/><path d=\"m15 32h-8\"\/><path d=\"m15 40h-8\"\/><path d=\"m15 48h-8\"\/><path d=\"m15 56h-8\"\/><\/g><\/svg>\t\t\t\t\t\t\t\t<\/figure>\n\t\t\t\t<div class=\"iconbox-content\">\n\t\t\t\t\t\t\t<h5>\u00ab S\u00e9minaire Pratique-Sant\u00e9 \u00bb - 27 avril 2023 - Mus\u00e9e olympique, Lausanne<\/h5>\t\t\t<p>Savoir d'o\u00f9 l'on vient pour savoir o\u00f9 l'on va<\/p>\n\t\t\t\t\t\t\t<span class=\"thb-read-more btn-text style5\">\n\t\t\t\t\t<span>Programme et inscriptions<\/span>\n\t\t\t\t\t\t\t\t\t\t\t\t\t\t\t\t<div class=\"arrow\"><svg xmlns=\"http:\/\/www.w3.org\/2000\/svg\" xmlns:xlink=\"http:\/\/www.w3.org\/1999\/xlink\" x=\"0px\" y=\"0px\"\r\n\t width=\"30px\" height=\"18px\" viewBox=\"0 0 30 18\" enable-background=\"new 0 0 30 18\" xml:space=\"preserve\">\r\n<path class=\"handle\" d=\"M20.305,16.212c-0.407,0.409-0.407,1.071,0,1.479s1.068,0.408,1.476,0l7.914-7.952c0.408-0.409,0.408-1.071,0-1.481\r\n\tl-7.914-7.952c-0.407-0.409-1.068-0.409-1.476,0s-0.407,1.071,0,1.48l7.185,7.221L20.305,16.212z\"\/>\r\n<path class=\"bar\" fill-rule=\"evenodd\" clip-rule=\"evenodd\" d=\"M1,8h28.001c0.551,0,1,0.448,1,1c0,0.553-0.449,1-1,1H1c-0.553,0-1-0.447-1-1\r\n\tC0,8.448,0.447,8,1,8z\"\/>\r\n<\/svg>\r\n<\/div>\n\t\t\t\t\t\t\t\t\t<\/span>\n\t\t\t\t\t<\/div>\n\t\t<style>\n\t\t\t\t\t\t\t\t\t\t\t\t\t\t\t\t\t\t\t\t\t\t\t\t\/* Hover *\/\n\t\t\t\t\t\t\t\t\t\t\t<\/style>\n\t<\/a>\n\t[vc_empty_space height=&#8220;20px&#8220;]\t<div id=\"thb-iconbox-69f22127ac446\" class=\"thb-iconbox left type1   has-hover-image  animation-off\" href=\"\" target=\"_self\" data-animation_speed=\"1.5\">\n\t\t\t\t<figure>\n\t\t\t<svg xmlns=\"http:\/\/www.w3.org\/2000\/svg\" viewBox=\"0 0 64 64\" enable-background=\"new 0 0 64 64\"><g fill=\"none\" stroke=\"#000\" stroke-width=\"2\" stroke-miterlimit=\"10\"><path d=\"m11 1h42v62h-42z\"\/><path d=\"m41 1v61\"\/><path d=\"m15 16h-8\"\/><path d=\"m15 8h-8\"\/><path d=\"m15 24h-8\"\/><path d=\"m15 32h-8\"\/><path d=\"m15 40h-8\"\/><path d=\"m15 48h-8\"\/><path d=\"m15 56h-8\"\/><\/g><\/svg>\t\t\t\t\t\t\t\t<\/figure>\n\t\t\t\t<div class=\"iconbox-content\">\n\t\t\t\t\t\t\t<h5>\u00ab Assembl\u00e9e g\u00e9n\u00e9rale de PLATEFORME-REHA.CH \u00bb - 10 novembre 2022 - 10h-12h30 - Fondation Plein Soleil, Lausanne<\/h5>\t\t\t<p>La participation est ouverte \u00e0 tous les membres de l'association.<\/p>\n\t\t\t\t\t<\/div>\n\t\t<style>\n\t\t\t\t\t\t\t\t\t\t\t\t\t\t\t\t\t\t\t\t\t\t\t\t\/* Hover *\/\n\t\t\t\t\t\t\t\t\t\t\t<\/style>\n\t<\/div>\n\t[vc_empty_space height=&#8220;20px&#8220;]\t<div id=\"thb-iconbox-69f22127acd15\" class=\"thb-iconbox left type1   has-hover-image  animation-off\" href=\"\" target=\"_blank\" data-animation_speed=\"1.5\">\n\t\t\t\t<figure>\n\t\t\t<svg xmlns=\"http:\/\/www.w3.org\/2000\/svg\" viewBox=\"0 0 64 64\" enable-background=\"new 0 0 64 64\"><g fill=\"none\" stroke=\"#000\" stroke-width=\"2\" stroke-miterlimit=\"10\"><path d=\"m11 1h42v62h-42z\"\/><path d=\"m41 1v61\"\/><path d=\"m15 16h-8\"\/><path d=\"m15 8h-8\"\/><path d=\"m15 24h-8\"\/><path d=\"m15 32h-8\"\/><path d=\"m15 40h-8\"\/><path d=\"m15 48h-8\"\/><path d=\"m15 56h-8\"\/><\/g><\/svg>\t\t\t\t\t\t\t\t<\/figure>\n\t\t\t\t<div class=\"iconbox-content\">\n\t\t\t\t\t\t\t<h5>\u00ab Atelier Codage \/ ST REHA \u00bb - 12 octobre 2022 - 13h-17h30 - Cully<\/h5>\t\t\t<p>Dans le cadre de la tarification ST Reha, Plateforme-Reha.ch propose avec la Dre Bettina Holzer du CHUV et \u00ab experte mandat\u00e9e \u00bb par Plateforme-Reha.ch pour les besoins autour de la structure tarifaire ST Reha, un nouveau atelier pour discuter des pr\u00e9occupations et probl\u00e8mes rencontr\u00e9s dans les \u00e9tablissements en lien avec le codage. Cet atelier privil\u00e9gie, en termes p\u00e9dagogiques, un espace d\u2019\u00e9changes entre professionnels, en lieu et place d\u2019un cours ex cathedra. La participation est exclusivement pour les membres de Plateforme-Reha.ch.<\/p>\n\t\t\t\t\t<\/div>\n\t\t<style>\n\t\t\t\t\t\t\t\t\t\t\t\t\t\t\t\t\t\t\t\t\t\t\t\t\/* Hover *\/\n\t\t\t\t\t\t\t\t\t\t\t<\/style>\n\t<\/div>\n\t[vc_empty_space height=&#8220;20px&#8220;]\t<a id=\"thb-iconbox-69f22127ad5ff\" class=\"has-link thb-iconbox left type1   has-hover-image  animation-off\" href=\"https:\/\/plateforme-reha.ch\/wp-content\/uploads\/2022\/06\/Programma-Simposio-Reha-Ticino-30.09.22_IT.pdf\" target=\"_blank\" data-animation_speed=\"1.5\">\n\t\t\t\t<figure>\n\t\t\t<svg xmlns=\"http:\/\/www.w3.org\/2000\/svg\" viewBox=\"0 0 64 64\" enable-background=\"new 0 0 64 64\"><g fill=\"none\" stroke=\"#000\" stroke-width=\"2\" stroke-miterlimit=\"10\"><path d=\"m11 1h42v62h-42z\"\/><path d=\"m41 1v61\"\/><path d=\"m15 16h-8\"\/><path d=\"m15 8h-8\"\/><path d=\"m15 24h-8\"\/><path d=\"m15 32h-8\"\/><path d=\"m15 40h-8\"\/><path d=\"m15 48h-8\"\/><path d=\"m15 56h-8\"\/><\/g><\/svg>\t\t\t\t\t\t\t\t<\/figure>\n\t\t\t\t<div class=\"iconbox-content\">\n\t\t\t\t\t\t\t<h5>\u00ab Symposium Reha Ticino \u00bb - 30.09.2022 - Locarno<\/h5>\t\t\t<p>Professionnels de la r\u00e9adaptation : quels d\u00e9fis pour les syst\u00e8mes de formation ?<\/p>\n\t\t\t\t\t\t\t<span class=\"thb-read-more btn-text style5\">\n\t\t\t\t\t<span>Programme<\/span>\n\t\t\t\t\t\t\t\t\t\t\t\t\t\t\t\t<div class=\"arrow\"><svg xmlns=\"http:\/\/www.w3.org\/2000\/svg\" xmlns:xlink=\"http:\/\/www.w3.org\/1999\/xlink\" x=\"0px\" y=\"0px\"\r\n\t width=\"30px\" height=\"18px\" viewBox=\"0 0 30 18\" enable-background=\"new 0 0 30 18\" xml:space=\"preserve\">\r\n<path class=\"handle\" d=\"M20.305,16.212c-0.407,0.409-0.407,1.071,0,1.479s1.068,0.408,1.476,0l7.914-7.952c0.408-0.409,0.408-1.071,0-1.481\r\n\tl-7.914-7.952c-0.407-0.409-1.068-0.409-1.476,0s-0.407,1.071,0,1.48l7.185,7.221L20.305,16.212z\"\/>\r\n<path class=\"bar\" fill-rule=\"evenodd\" clip-rule=\"evenodd\" d=\"M1,8h28.001c0.551,0,1,0.448,1,1c0,0.553-0.449,1-1,1H1c-0.553,0-1-0.447-1-1\r\n\tC0,8.448,0.447,8,1,8z\"\/>\r\n<\/svg>\r\n<\/div>\n\t\t\t\t\t\t\t\t\t<\/span>\n\t\t\t\t\t<\/div>\n\t\t<style>\n\t\t\t\t\t\t\t\t\t\t\t\t\t\t\t\t\t\t\t\t\t\t\t\t\/* Hover *\/\n\t\t\t\t\t\t\t\t\t\t\t<\/style>\n\t<\/a>\n\t[vc_empty_space height=&#8220;20px&#8220;]\t<a id=\"thb-iconbox-69f22127adf6e\" class=\"has-link thb-iconbox left type1   has-hover-image  animation-off\" href=\"https:\/\/plateforme-reha.ch\/wp-content\/uploads\/2022\/06\/40emes-journees-de-lAIRR.pdf\" target=\"_blank\" data-animation_speed=\"1.5\">\n\t\t\t\t<figure>\n\t\t\t<svg xmlns=\"http:\/\/www.w3.org\/2000\/svg\" viewBox=\"0 0 64 64\" enable-background=\"new 0 0 64 64\"><g fill=\"none\" stroke=\"#000\" stroke-width=\"2\" stroke-miterlimit=\"10\"><path d=\"m11 1h42v62h-42z\"\/><path d=\"m41 1v61\"\/><path d=\"m15 16h-8\"\/><path d=\"m15 8h-8\"\/><path d=\"m15 24h-8\"\/><path d=\"m15 32h-8\"\/><path d=\"m15 40h-8\"\/><path d=\"m15 48h-8\"\/><path d=\"m15 56h-8\"\/><\/g><\/svg>\t\t\t\t\t\t\t\t<\/figure>\n\t\t\t\t<div class=\"iconbox-content\">\n\t\t\t\t\t\t\t<h5>\u00ab 40\u00e8me Journ\u00e9es d'\u00c9tude de l'AIRR (Association des Infirmi\u00e8res en R\u00e9\u00e9ducation et R\u00e9adaptation \u00bb - 22-23.09.2022 - Normandie\/France<\/h5>\t\t\t<p>Sujet principale : Le r\u00f4le pivot de l'IDE en MPR<\/p>\n\t\t\t\t\t\t\t<span class=\"thb-read-more btn-text style5\">\n\t\t\t\t\t<span>Programme<\/span>\n\t\t\t\t\t\t\t\t\t\t\t\t\t\t\t\t<div class=\"arrow\"><svg xmlns=\"http:\/\/www.w3.org\/2000\/svg\" xmlns:xlink=\"http:\/\/www.w3.org\/1999\/xlink\" x=\"0px\" y=\"0px\"\r\n\t width=\"30px\" height=\"18px\" viewBox=\"0 0 30 18\" enable-background=\"new 0 0 30 18\" xml:space=\"preserve\">\r\n<path class=\"handle\" d=\"M20.305,16.212c-0.407,0.409-0.407,1.071,0,1.479s1.068,0.408,1.476,0l7.914-7.952c0.408-0.409,0.408-1.071,0-1.481\r\n\tl-7.914-7.952c-0.407-0.409-1.068-0.409-1.476,0s-0.407,1.071,0,1.48l7.185,7.221L20.305,16.212z\"\/>\r\n<path class=\"bar\" fill-rule=\"evenodd\" clip-rule=\"evenodd\" d=\"M1,8h28.001c0.551,0,1,0.448,1,1c0,0.553-0.449,1-1,1H1c-0.553,0-1-0.447-1-1\r\n\tC0,8.448,0.447,8,1,8z\"\/>\r\n<\/svg>\r\n<\/div>\n\t\t\t\t\t\t\t\t\t<\/span>\n\t\t\t\t\t<\/div>\n\t\t<style>\n\t\t\t\t\t\t\t\t\t\t\t\t\t\t\t\t\t\t\t\t\t\t\t\t\/* Hover *\/\n\t\t\t\t\t\t\t\t\t\t\t<\/style>\n\t<\/a>\n\t[vc_empty_space height=&#8220;20px&#8220;]\t<a id=\"thb-iconbox-69f22127ae91c\" class=\"has-link thb-iconbox left type1   has-hover-image  animation-off\" href=\"https:\/\/plateforme-reha.ch\/wp-content\/uploads\/2022\/08\/Program_JRG_22-sept.2022.pdf\" target=\"_blank\" data-animation_speed=\"1.5\">\n\t\t\t\t<figure>\n\t\t\t<svg xmlns=\"http:\/\/www.w3.org\/2000\/svg\" viewBox=\"0 0 64 64\" enable-background=\"new 0 0 64 64\"><g fill=\"none\" stroke=\"#000\" stroke-width=\"2\" stroke-miterlimit=\"10\"><path d=\"m11 1h42v62h-42z\"\/><path d=\"m41 1v61\"\/><path d=\"m15 16h-8\"\/><path d=\"m15 8h-8\"\/><path d=\"m15 24h-8\"\/><path d=\"m15 32h-8\"\/><path d=\"m15 40h-8\"\/><path d=\"m15 48h-8\"\/><path d=\"m15 56h-8\"\/><\/g><\/svg>\t\t\t\t\t\t\t\t<\/figure>\n\t\t\t\t<div class=\"iconbox-content\">\n\t\t\t\t\t\t\t<h5>\u00ab Journ\u00e9e Romande de G\u00e9riatrie \u00bb - 22.09.2022 - CHUV, Lausanne (+Webex)<\/h5>\t\t\t<p>Le th\u00e8me abord\u00e9 est \u00ab La Pharmaco-G\u00e9riatrie en interprofessionnalit\u00e9 \u00bb. L\u2019objectif est d\u2019offrir une formation de qualit\u00e9 coordonn\u00e9e entre les diff\u00e9rents h\u00f4pitaux de suisse romande, de mieux conna\u00eetre les nouveaut\u00e9s dans le domaine de la G\u00e9riatrie et aussi de resserrer les liens au-del\u00e0 des fronti\u00e8res cantonales.<\/p>\n<p>Inscription : Florence.Du-Pontavice@chuv.ch<\/p>\n\t\t\t\t\t\t\t<span class=\"thb-read-more btn-text style5\">\n\t\t\t\t\t<span>Programme<\/span>\n\t\t\t\t\t\t\t\t\t\t\t\t\t\t\t\t<div class=\"arrow\"><svg xmlns=\"http:\/\/www.w3.org\/2000\/svg\" xmlns:xlink=\"http:\/\/www.w3.org\/1999\/xlink\" x=\"0px\" y=\"0px\"\r\n\t width=\"30px\" height=\"18px\" viewBox=\"0 0 30 18\" enable-background=\"new 0 0 30 18\" xml:space=\"preserve\">\r\n<path class=\"handle\" d=\"M20.305,16.212c-0.407,0.409-0.407,1.071,0,1.479s1.068,0.408,1.476,0l7.914-7.952c0.408-0.409,0.408-1.071,0-1.481\r\n\tl-7.914-7.952c-0.407-0.409-1.068-0.409-1.476,0s-0.407,1.071,0,1.48l7.185,7.221L20.305,16.212z\"\/>\r\n<path class=\"bar\" fill-rule=\"evenodd\" clip-rule=\"evenodd\" d=\"M1,8h28.001c0.551,0,1,0.448,1,1c0,0.553-0.449,1-1,1H1c-0.553,0-1-0.447-1-1\r\n\tC0,8.448,0.447,8,1,8z\"\/>\r\n<\/svg>\r\n<\/div>\n\t\t\t\t\t\t\t\t\t<\/span>\n\t\t\t\t\t<\/div>\n\t\t<style>\n\t\t\t\t\t\t\t\t\t\t\t\t\t\t\t\t\t\t\t\t\t\t\t\t\/* Hover *\/\n\t\t\t\t\t\t\t\t\t\t\t<\/style>\n\t<\/a>\n\t[vc_empty_space height=&#8220;20px&#8220;]\t<a id=\"thb-iconbox-69f22127af10a\" class=\"has-link thb-iconbox left type1   has-hover-image  animation-off\" href=\"https:\/\/www.hplus.ch\/fr\/manifestations\/manifestationsinternes\" target=\"_blank\" data-animation_speed=\"1.5\">\n\t\t\t\t<figure>\n\t\t\t<svg xmlns=\"http:\/\/www.w3.org\/2000\/svg\" viewBox=\"0 0 64 64\" enable-background=\"new 0 0 64 64\"><g fill=\"none\" stroke=\"#000\" stroke-width=\"2\" stroke-miterlimit=\"10\"><path d=\"m11 1h42v62h-42z\"\/><path d=\"m41 1v61\"\/><path d=\"m15 16h-8\"\/><path d=\"m15 8h-8\"\/><path d=\"m15 24h-8\"\/><path d=\"m15 32h-8\"\/><path d=\"m15 40h-8\"\/><path d=\"m15 48h-8\"\/><path d=\"m15 56h-8\"\/><\/g><\/svg>\t\t\t\t\t\t\t\t<\/figure>\n\t\t\t\t<div class=\"iconbox-content\">\n\t\t\t\t\t\t\t<h5>\u00ab Conf\u00e9rence active de r\u00e9adaptation \u00bb - 13.09.2022 - Manifestation d'information, virtuelle<\/h5>\t\t\t\t\t\t\t\t\t\t<span class=\"thb-read-more btn-text style5\">\n\t\t\t\t\t<span>Site Hplus<\/span>\n\t\t\t\t\t\t\t\t\t\t\t\t\t\t\t\t<div class=\"arrow\"><svg xmlns=\"http:\/\/www.w3.org\/2000\/svg\" xmlns:xlink=\"http:\/\/www.w3.org\/1999\/xlink\" x=\"0px\" y=\"0px\"\r\n\t width=\"30px\" height=\"18px\" viewBox=\"0 0 30 18\" enable-background=\"new 0 0 30 18\" xml:space=\"preserve\">\r\n<path class=\"handle\" d=\"M20.305,16.212c-0.407,0.409-0.407,1.071,0,1.479s1.068,0.408,1.476,0l7.914-7.952c0.408-0.409,0.408-1.071,0-1.481\r\n\tl-7.914-7.952c-0.407-0.409-1.068-0.409-1.476,0s-0.407,1.071,0,1.48l7.185,7.221L20.305,16.212z\"\/>\r\n<path class=\"bar\" fill-rule=\"evenodd\" clip-rule=\"evenodd\" d=\"M1,8h28.001c0.551,0,1,0.448,1,1c0,0.553-0.449,1-1,1H1c-0.553,0-1-0.447-1-1\r\n\tC0,8.448,0.447,8,1,8z\"\/>\r\n<\/svg>\r\n<\/div>\n\t\t\t\t\t\t\t\t\t<\/span>\n\t\t\t\t\t<\/div>\n\t\t<style>\n\t\t\t\t\t\t\t\t\t\t\t\t\t\t\t\t\t\t\t\t\t\t\t\t\/* Hover *\/\n\t\t\t\t\t\t\t\t\t\t\t<\/style>\n\t<\/a>\n\t[vc_empty_space height=&#8220;20px&#8220;]\t<a id=\"thb-iconbox-69f22127afa7e\" class=\"has-link thb-iconbox left type1   has-hover-image  animation-off\" href=\"https:\/\/www.xing-events.com\/Congress-SPRINT.html\" target=\"_blank\" data-animation_speed=\"1.5\">\n\t\t\t\t<figure>\n\t\t\t<svg xmlns=\"http:\/\/www.w3.org\/2000\/svg\" viewBox=\"0 0 64 64\" enable-background=\"new 0 0 64 64\"><g fill=\"none\" stroke=\"#000\" stroke-width=\"2\" stroke-miterlimit=\"10\"><path d=\"m11 1h42v62h-42z\"\/><path d=\"m41 1v61\"\/><path d=\"m15 16h-8\"\/><path d=\"m15 8h-8\"\/><path d=\"m15 24h-8\"\/><path d=\"m15 32h-8\"\/><path d=\"m15 40h-8\"\/><path d=\"m15 48h-8\"\/><path d=\"m15 56h-8\"\/><\/g><\/svg>\t\t\t\t\t\t\t\t<\/figure>\n\t\t\t\t<div class=\"iconbox-content\">\n\t\t\t\t\t\t\t<h5>\u00ab Kongress Neurorehabilitation \u00bb - 29.06 - 01.07.2022<\/h5>\t\t\t<p>Symposium on Patient Rehabilitation, Innovation, and NeuroTechnologies - SPRINT<\/p>\n<p>29 &amp; 30 juin : CHUV, Lausanne<\/p>\n<p>1er juillet : Institution de Lavigny<\/p>\n\t\t\t\t\t\t\t<span class=\"thb-read-more btn-text style5\">\n\t\t\t\t\t<span>Programme<\/span>\n\t\t\t\t\t\t\t\t\t\t\t\t\t\t\t\t<div class=\"arrow\"><svg xmlns=\"http:\/\/www.w3.org\/2000\/svg\" xmlns:xlink=\"http:\/\/www.w3.org\/1999\/xlink\" x=\"0px\" y=\"0px\"\r\n\t width=\"30px\" height=\"18px\" viewBox=\"0 0 30 18\" enable-background=\"new 0 0 30 18\" xml:space=\"preserve\">\r\n<path class=\"handle\" d=\"M20.305,16.212c-0.407,0.409-0.407,1.071,0,1.479s1.068,0.408,1.476,0l7.914-7.952c0.408-0.409,0.408-1.071,0-1.481\r\n\tl-7.914-7.952c-0.407-0.409-1.068-0.409-1.476,0s-0.407,1.071,0,1.48l7.185,7.221L20.305,16.212z\"\/>\r\n<path class=\"bar\" fill-rule=\"evenodd\" clip-rule=\"evenodd\" d=\"M1,8h28.001c0.551,0,1,0.448,1,1c0,0.553-0.449,1-1,1H1c-0.553,0-1-0.447-1-1\r\n\tC0,8.448,0.447,8,1,8z\"\/>\r\n<\/svg>\r\n<\/div>\n\t\t\t\t\t\t\t\t\t<\/span>\n\t\t\t\t\t<\/div>\n\t\t<style>\n\t\t\t\t\t\t\t\t\t\t\t\t\t\t\t\t\t\t\t\t\t\t\t\t\/* Hover *\/\n\t\t\t\t\t\t\t\t\t\t\t<\/style>\n\t<\/a>\n\t[vc_empty_space height=&#8220;20px&#8220;]\t<div id=\"thb-iconbox-69f22127b0381\" class=\"thb-iconbox left type1   has-hover-image  animation-off\" href=\"\" target=\"_blank\" data-animation_speed=\"1.5\">\n\t\t\t\t<figure>\n\t\t\t<svg xmlns=\"http:\/\/www.w3.org\/2000\/svg\" viewBox=\"0 0 64 64\" enable-background=\"new 0 0 64 64\"><g fill=\"none\" stroke=\"#000\" stroke-width=\"2\" stroke-miterlimit=\"10\"><path d=\"m11 1h42v62h-42z\"\/><path d=\"m41 1v61\"\/><path d=\"m15 16h-8\"\/><path d=\"m15 8h-8\"\/><path d=\"m15 24h-8\"\/><path d=\"m15 32h-8\"\/><path d=\"m15 40h-8\"\/><path d=\"m15 48h-8\"\/><path d=\"m15 56h-8\"\/><\/g><\/svg>\t\t\t\t\t\t\t\t<\/figure>\n\t\t\t\t<div class=\"iconbox-content\">\n\t\t\t\t\t\t\t<h5>\u00ab Assembl\u00e9e g\u00e9n\u00e9rale de PLATEFORME-REHA.CH \u00bb - 5 mai 2022 - 10h-12h - HUG, Gen\u00e8ve<\/h5>\t\t\t<p>La participation est ouverte \u00e0 tous nos membres.<\/p>\n\t\t\t\t\t<\/div>\n\t\t<style>\n\t\t\t\t\t\t\t\t\t\t\t\t\t\t\t\t\t\t\t\t\t\t\t\t\/* Hover *\/\n\t\t\t\t\t\t\t\t\t\t\t<\/style>\n\t<\/div>\n\t[vc_empty_space height=&#8220;20px&#8220;]\t<div id=\"thb-iconbox-69f22127b0c62\" class=\"thb-iconbox left type1   has-hover-image  animation-off\" href=\"\" target=\"_blank\" data-animation_speed=\"1.5\">\n\t\t\t\t<figure>\n\t\t\t<svg xmlns=\"http:\/\/www.w3.org\/2000\/svg\" viewBox=\"0 0 64 64\" enable-background=\"new 0 0 64 64\"><g fill=\"none\" stroke=\"#000\" stroke-width=\"2\" stroke-miterlimit=\"10\"><path d=\"m11 1h42v62h-42z\"\/><path d=\"m41 1v61\"\/><path d=\"m15 16h-8\"\/><path d=\"m15 8h-8\"\/><path d=\"m15 24h-8\"\/><path d=\"m15 32h-8\"\/><path d=\"m15 40h-8\"\/><path d=\"m15 48h-8\"\/><path d=\"m15 56h-8\"\/><\/g><\/svg>\t\t\t\t\t\t\t\t<\/figure>\n\t\t\t\t<div class=\"iconbox-content\">\n\t\t\t\t\t\t\t<h5>\u00ab Ateliers ST Reha \u00bb - 5 mai 2022 - 13h-15h - HUG, Gen\u00e8ve<\/h5>\t\t\t<p>Apr\u00e8s l'assembl\u00e9e g\u00e9n\u00e9rale, trois ateliers distinctes autour de la r\u00e9cente introduction de ST Reha seront propos\u00e9s aux membres.<\/p>\n\t\t\t\t\t<\/div>\n\t\t<style>\n\t\t\t\t\t\t\t\t\t\t\t\t\t\t\t\t\t\t\t\t\t\t\t\t\/* Hover *\/\n\t\t\t\t\t\t\t\t\t\t\t<\/style>\n\t<\/div>\n\t[vc_empty_space height=&#8220;20px&#8220;]\t<a id=\"thb-iconbox-69f22127b1462\" class=\"has-link thb-iconbox left type1   has-hover-image  animation-off\" href=\"https:\/\/www.pratique-sante.ch\" target=\"_blank\" data-animation_speed=\"1.5\">\n\t\t\t\t<figure>\n\t\t\t<svg xmlns=\"http:\/\/www.w3.org\/2000\/svg\" viewBox=\"0 0 64 64\" enable-background=\"new 0 0 64 64\"><g fill=\"none\" stroke=\"#000\" stroke-width=\"2\" stroke-miterlimit=\"10\"><path d=\"m11 1h42v62h-42z\"\/><path d=\"m41 1v61\"\/><path d=\"m15 16h-8\"\/><path d=\"m15 8h-8\"\/><path d=\"m15 24h-8\"\/><path d=\"m15 32h-8\"\/><path d=\"m15 40h-8\"\/><path d=\"m15 48h-8\"\/><path d=\"m15 56h-8\"\/><\/g><\/svg>\t\t\t\t\t\t\t\t<\/figure>\n\t\t\t\t<div class=\"iconbox-content\">\n\t\t\t\t\t\t\t<h5>\u00ab Journ\u00e9e Pratique Sant\u00e9 \u00bb - 7. April 2022 - Olympisches Museum, Lausanne<\/h5>\t\t\t<p>Th\u00e8me : \"Stress test sous stress.. ce que r\u00e9v\u00e8le une crise majeure sur nos pratiques, nos mod\u00e8les organisationnels et institutionnels du secteur de la sant\u00e9\".<br \/>\nUn s\u00e9minaire organis\u00e9 par l'asegh - Association suisse des experts en gestion hospitali\u00e8re en collaboration avec plusieurs partenaires. <\/p>\n\t\t\t\t\t\t\t<span class=\"thb-read-more btn-text style5\">\n\t\t\t\t\t<span>Inscription sur le site Pratique-Sante.ch<\/span>\n\t\t\t\t\t\t\t\t\t\t\t\t\t\t\t\t<div class=\"arrow\"><svg xmlns=\"http:\/\/www.w3.org\/2000\/svg\" xmlns:xlink=\"http:\/\/www.w3.org\/1999\/xlink\" x=\"0px\" y=\"0px\"\r\n\t width=\"30px\" height=\"18px\" viewBox=\"0 0 30 18\" enable-background=\"new 0 0 30 18\" xml:space=\"preserve\">\r\n<path class=\"handle\" d=\"M20.305,16.212c-0.407,0.409-0.407,1.071,0,1.479s1.068,0.408,1.476,0l7.914-7.952c0.408-0.409,0.408-1.071,0-1.481\r\n\tl-7.914-7.952c-0.407-0.409-1.068-0.409-1.476,0s-0.407,1.071,0,1.48l7.185,7.221L20.305,16.212z\"\/>\r\n<path class=\"bar\" fill-rule=\"evenodd\" clip-rule=\"evenodd\" d=\"M1,8h28.001c0.551,0,1,0.448,1,1c0,0.553-0.449,1-1,1H1c-0.553,0-1-0.447-1-1\r\n\tC0,8.448,0.447,8,1,8z\"\/>\r\n<\/svg>\r\n<\/div>\n\t\t\t\t\t\t\t\t\t<\/span>\n\t\t\t\t\t<\/div>\n\t\t<style>\n\t\t\t\t\t\t\t\t\t\t\t\t\t\t\t\t\t\t\t\t\t\t\t\t\/* Hover *\/\n\t\t\t\t\t\t\t\t\t\t\t<\/style>\n\t<\/a>\n\t[vc_empty_space height=&#8220;20px&#8220;]\t<a id=\"thb-iconbox-69f22127b1e08\" class=\"has-link thb-iconbox left type1   has-hover-image  animation-off\" href=\"https:\/\/espace-competences.ch\/formation\/atelier-st-reha-2022\/\" target=\"_blank\" data-animation_speed=\"1.5\">\n\t\t\t\t<figure>\n\t\t\t<svg xmlns=\"http:\/\/www.w3.org\/2000\/svg\" viewBox=\"0 0 64 64\" enable-background=\"new 0 0 64 64\"><g fill=\"none\" stroke=\"#000\" stroke-width=\"2\" stroke-miterlimit=\"10\"><path d=\"m11 1h42v62h-42z\"\/><path d=\"m41 1v61\"\/><path d=\"m15 16h-8\"\/><path d=\"m15 8h-8\"\/><path d=\"m15 24h-8\"\/><path d=\"m15 32h-8\"\/><path d=\"m15 40h-8\"\/><path d=\"m15 48h-8\"\/><path d=\"m15 56h-8\"\/><\/g><\/svg>\t\t\t\t\t\t\t\t<\/figure>\n\t\t\t\t<div class=\"iconbox-content\">\n\t\t\t\t\t\t\t<h5>\u00ab ST REHA Workshop \u00bb - 9. M\u00e4rz 2022 - Cully<\/h5>\t\t\t<p>Dans le cadre de la nouvelle tarification ST Reha, nous proposons avec la Dre Bettina Holzer, Adjointe \u00e0 la Direction du CAM du CHUV, un atelier pour discuter du codage ainsi que de la documentation clinique sp\u00e9cifique \u00e0 ST Reha.<\/p>\n<p><\/p>\n<p>Nous sommes certains que beaucoup d\u2019entre vous avez d\u00e9j\u00e0 une large connaissance de ST REHA et pour cela cet atelier privil\u00e9gie, en termes p\u00e9dagogiques, un espace d\u2019\u00e9changes entre professionnels, en lieu et place d\u2019un cours ex cathedra.<\/p>\n\t\t\t\t\t\t\t<span class=\"thb-read-more btn-text style5\">\n\t\t\t\t\t<span>Lien Espace Comp\u00e9tences \/ Inscription<\/span>\n\t\t\t\t\t\t\t\t\t\t\t\t\t\t\t\t<div class=\"arrow\"><svg xmlns=\"http:\/\/www.w3.org\/2000\/svg\" xmlns:xlink=\"http:\/\/www.w3.org\/1999\/xlink\" x=\"0px\" y=\"0px\"\r\n\t width=\"30px\" height=\"18px\" viewBox=\"0 0 30 18\" enable-background=\"new 0 0 30 18\" xml:space=\"preserve\">\r\n<path class=\"handle\" d=\"M20.305,16.212c-0.407,0.409-0.407,1.071,0,1.479s1.068,0.408,1.476,0l7.914-7.952c0.408-0.409,0.408-1.071,0-1.481\r\n\tl-7.914-7.952c-0.407-0.409-1.068-0.409-1.476,0s-0.407,1.071,0,1.48l7.185,7.221L20.305,16.212z\"\/>\r\n<path class=\"bar\" fill-rule=\"evenodd\" clip-rule=\"evenodd\" d=\"M1,8h28.001c0.551,0,1,0.448,1,1c0,0.553-0.449,1-1,1H1c-0.553,0-1-0.447-1-1\r\n\tC0,8.448,0.447,8,1,8z\"\/>\r\n<\/svg>\r\n<\/div>\n\t\t\t\t\t\t\t\t\t<\/span>\n\t\t\t\t\t<\/div>\n\t\t<style>\n\t\t\t\t\t\t\t\t\t\t\t\t\t\t\t\t\t\t\t\t\t\t\t\t\/* Hover *\/\n\t\t\t\t\t\t\t\t\t\t\t<\/style>\n\t<\/a>\n\t[vc_empty_space height=&#8220;20px&#8220;][\/vc_column_inner][\/vc_row_inner][\/vc_column][\/vc_row]\n<\/div>","protected":false},"excerpt":{"rendered":"<p>[vc_row thb_full_width=&#8220;true&#8220; thb_row_padding=&#8220;true&#8220; thb_column_padding=&#8220;true&#8220; full_height=&#8220;yes&#8220; content_placement=&#8220;middle&#8220; css=&#8220;.vc_custom_1613036803353{padding-top: 20vh !important;padding-bottom: 15vh !important;background: #93969a url(http:\/\/plateforme-reha.ch\/wp-content\/uploads\/2021\/02\/reha-slider-home-4.jpg?id=274) !important;background-position: center !important;background-repeat: no-repeat !important;background-size: cover !important;}&#8220;][vc_column][vc_row_inner content_placement=&#8220;middle&#8220;][vc_column_inner thb_color=&#8220;thb-light-column&#8220; width=&#8220;7\/12&#8243;][vc_empty_space height=&#8220;16px&#8220;][\/vc_column_inner][vc_column_inner el_class=&#8220;text-center&#8220; width=&#8220;5\/12&#8243;][\/vc_column_inner][\/vc_row_inner][\/vc_column][\/vc_row][vc_row css=&#8220;.vc_custom_1612976614697{padding-top: 15vh !important;padding-bottom: 15vh !important;}&#8220;][vc_column][vc_row_inner css=&#8220;.vc_custom_1519293829057{padding-top: 6vh !important;}&#8220;][vc_column_inner animation=&#8220;animation bottom-to-top-3d&#8220;][vc_empty_space height=&#8220;20px&#8220;][vc_empty_space height=&#8220;20px&#8220;][vc_empty_space height=&#8220;20px&#8220;][vc_empty_space height=&#8220;20px&#8220;][vc_empty_space height=&#8220;20px&#8220;][vc_empty_space height=&#8220;20px&#8220;][vc_empty_space height=&#8220;20px&#8220;][vc_empty_space height=&#8220;20px&#8220;][vc_empty_space height=&#8220;20px&#8220;][vc_empty_space height=&#8220;20px&#8220;][vc_empty_space height=&#8220;20px&#8220;][vc_empty_space height=&#8220;20px&#8220;][vc_empty_space height=&#8220;20px&#8220;][vc_empty_space height=&#8220;20px&#8220;][vc_empty_space height=&#8220;20px&#8220;][vc_empty_space height=&#8220;20px&#8220;][\/vc_column_inner][\/vc_row_inner][\/vc_column][\/vc_row]<\/p>\n","protected":false},"author":2,"featured_media":0,"parent":0,"menu_order":0,"comment_status":"closed","ping_status":"closed","template":"","meta":{"footnotes":""},"class_list":["post-1482","page","type-page","status-publish","hentry"],"_links":{"self":[{"href":"https:\/\/plateforme-reha.ch\/de\/wp-json\/wp\/v2\/pages\/1482","targetHints":{"allow":["GET"]}}],"collection":[{"href":"https:\/\/plateforme-reha.ch\/de\/wp-json\/wp\/v2\/pages"}],"about":[{"href":"https:\/\/plateforme-reha.ch\/de\/wp-json\/wp\/v2\/types\/page"}],"author":[{"embeddable":true,"href":"https:\/\/plateforme-reha.ch\/de\/wp-json\/wp\/v2\/users\/2"}],"replies":[{"embeddable":true,"href":"https:\/\/plateforme-reha.ch\/de\/wp-json\/wp\/v2\/comments?post=1482"}],"version-history":[{"count":4,"href":"https:\/\/plateforme-reha.ch\/de\/wp-json\/wp\/v2\/pages\/1482\/revisions"}],"predecessor-version":[{"id":1595,"href":"https:\/\/plateforme-reha.ch\/de\/wp-json\/wp\/v2\/pages\/1482\/revisions\/1595"}],"wp:attachment":[{"href":"https:\/\/plateforme-reha.ch\/de\/wp-json\/wp\/v2\/media?parent=1482"}],"curies":[{"name":"wp","href":"https:\/\/api.w.org\/{rel}","templated":true}]}}